{"id":8,"date":"2024-07-08T03:25:16","date_gmt":"2024-07-08T01:25:16","guid":{"rendered":"https:\/\/mediacionfamiliarsur.cl\/?page_id=8"},"modified":"2024-07-18T20:03:00","modified_gmt":"2024-07-18T18:03:00","slug":"inicio","status":"publish","type":"page","link":"https:\/\/mediacionfamiliarsur.cl\/","title":{"rendered":"Inicio"},"content":{"rendered":"\t\t<div data-elementor-type=\"wp-page\" data-elementor-id=\"8\" class=\"elementor elementor-8\" data-elementor-post-type=\"page\">\n\t\t\t\t<div class=\"elementor-element elementor-element-f7c5a5f e-con-full e-flex e-con e-parent\" data-id=\"f7c5a5f\" data-element_type=\"container\" data-settings=\"{&quot;background_background&quot;:&quot;gradient&quot;}\">\n\t\t<div class=\"elementor-element elementor-element-77fbccd1 e-con-full e-flex e-con e-child\" data-id=\"77fbccd1\" data-element_type=\"container\">\n\t\t<div class=\"elementor-element elementor-element-795d5f97 e-flex e-con-boxed e-con e-child\" data-id=\"795d5f97\" data-element_type=\"container\">\n\t\t\t\t\t<div class=\"e-con-inner\">\n\t\t\t\t<div class=\"elementor-element elementor-element-7fe02e64 animated-slow elementor-invisible elementor-widget elementor-widget-heading\" data-id=\"7fe02e64\" data-element_type=\"widget\" data-settings=\"{&quot;_animation&quot;:&quot;fadeIn&quot;}\" data-widget_type=\"heading.default\">\n\t\t\t\t<div class=\"elementor-widget-container\">\n\t\t\t\t\t<h1 class=\"elementor-heading-title elementor-size-default\">Mediaci\u00f3n Familiar Privada<\/h1>\t\t\t\t<\/div>\n\t\t\t\t<\/div>\n\t\t\t\t<div class=\"elementor-element elementor-element-354fd13 animated-slow elementor-invisible elementor-widget elementor-widget-heading\" data-id=\"354fd13\" data-element_type=\"widget\" data-settings=\"{&quot;_animation&quot;:&quot;fadeIn&quot;}\" data-widget_type=\"heading.default\">\n\t\t\t\t<div class=\"elementor-widget-container\">\n\t\t\t\t\t<h1 class=\"elementor-heading-title elementor-size-default\">Materias que requieren mediaci\u00f3n previa:  <\/h1>\t\t\t\t<\/div>\n\t\t\t\t<\/div>\n\t\t\t\t<div class=\"elementor-element elementor-element-fbb4081 elementor-icon-list--layout-traditional elementor-list-item-link-full_width elementor-widget elementor-widget-icon-list\" data-id=\"fbb4081\" data-element_type=\"widget\" data-widget_type=\"icon-list.default\">\n\t\t\t\t<div class=\"elementor-widget-container\">\n\t\t\t\t\t\t\t<ul class=\"elementor-icon-list-items\">\n\t\t\t\t\t\t\t<li class=\"elementor-icon-list-item\">\n\t\t\t\t\t\t\t\t\t\t\t<span class=\"elementor-icon-list-icon\">\n\t\t\t\t\t\t\t<svg aria-hidden=\"true\" class=\"e-font-icon-svg e-fas-check-circle\" viewBox=\"0 0 512 512\" xmlns=\"http:\/\/www.w3.org\/2000\/svg\"><path d=\"M504 256c0 136.967-111.033 248-248 248S8 392.967 8 256 119.033 8 256 8s248 111.033 248 248zM227.314 387.314l184-184c6.248-6.248 6.248-16.379 0-22.627l-22.627-22.627c-6.248-6.249-16.379-6.249-22.628 0L216 308.118l-70.059-70.059c-6.248-6.248-16.379-6.248-22.628 0l-22.627 22.627c-6.248 6.248-6.248 16.379 0 22.627l104 104c6.249 6.249 16.379 6.249 22.628.001z\"><\/path><\/svg>\t\t\t\t\t\t<\/span>\n\t\t\t\t\t\t\t\t\t\t<span class=\"elementor-icon-list-text\">Pensi\u00f3n de alimentos. Aumento, rebaja y cese de pensi\u00f3n de alimentos.  <\/span>\n\t\t\t\t\t\t\t\t\t<\/li>\n\t\t\t\t\t\t\t\t<li class=\"elementor-icon-list-item\">\n\t\t\t\t\t\t\t\t\t\t\t<span class=\"elementor-icon-list-icon\">\n\t\t\t\t\t\t\t<svg aria-hidden=\"true\" class=\"e-font-icon-svg e-fas-check-circle\" viewBox=\"0 0 512 512\" xmlns=\"http:\/\/www.w3.org\/2000\/svg\"><path d=\"M504 256c0 136.967-111.033 248-248 248S8 392.967 8 256 119.033 8 256 8s248 111.033 248 248zM227.314 387.314l184-184c6.248-6.248 6.248-16.379 0-22.627l-22.627-22.627c-6.248-6.249-16.379-6.249-22.628 0L216 308.118l-70.059-70.059c-6.248-6.248-16.379-6.248-22.628 0l-22.627 22.627c-6.248 6.248-6.248 16.379 0 22.627l104 104c6.249 6.249 16.379 6.249 22.628.001z\"><\/path><\/svg>\t\t\t\t\t\t<\/span>\n\t\t\t\t\t\t\t\t\t\t<span class=\"elementor-icon-list-text\">Relaci\u00f3n directa y regular. Modificaciones.<\/span>\n\t\t\t\t\t\t\t\t\t<\/li>\n\t\t\t\t\t\t\t\t<li class=\"elementor-icon-list-item\">\n\t\t\t\t\t\t\t\t\t\t\t<span class=\"elementor-icon-list-icon\">\n\t\t\t\t\t\t\t<svg aria-hidden=\"true\" class=\"e-font-icon-svg e-fas-check-circle\" viewBox=\"0 0 512 512\" xmlns=\"http:\/\/www.w3.org\/2000\/svg\"><path d=\"M504 256c0 136.967-111.033 248-248 248S8 392.967 8 256 119.033 8 256 8s248 111.033 248 248zM227.314 387.314l184-184c6.248-6.248 6.248-16.379 0-22.627l-22.627-22.627c-6.248-6.249-16.379-6.249-22.628 0L216 308.118l-70.059-70.059c-6.248-6.248-16.379-6.248-22.628 0l-22.627 22.627c-6.248 6.248-6.248 16.379 0 22.627l104 104c6.249 6.249 16.379 6.249 22.628.001z\"><\/path><\/svg>\t\t\t\t\t\t<\/span>\n\t\t\t\t\t\t\t\t\t\t<span class=\"elementor-icon-list-text\">Cuidado personal.<\/span>\n\t\t\t\t\t\t\t\t\t<\/li>\n\t\t\t\t\t\t<\/ul>\n\t\t\t\t\t\t<\/div>\n\t\t\t\t<\/div>\n\t\t\t\t<div class=\"elementor-element elementor-element-dcc8fa1 elementor-icon-list--layout-traditional elementor-list-item-link-full_width elementor-widget elementor-widget-icon-list\" data-id=\"dcc8fa1\" data-element_type=\"widget\" data-widget_type=\"icon-list.default\">\n\t\t\t\t<div class=\"elementor-widget-container\">\n\t\t\t\t\t\t\t<ul class=\"elementor-icon-list-items\">\n\t\t\t\t\t\t\t<li class=\"elementor-icon-list-item\">\n\t\t\t\t\t\t\t\t\t\t<span class=\"elementor-icon-list-text\"><b>Contamos con jurisdicci\u00f3n en los siguientes Tribunales de Familia:<\/b><\/span>\n\t\t\t\t\t\t\t\t\t<\/li>\n\t\t\t\t\t\t\t\t<li class=\"elementor-icon-list-item\">\n\t\t\t\t\t\t\t\t\t\t\t<span class=\"elementor-icon-list-icon\">\n\t\t\t\t\t\t\t<svg aria-hidden=\"true\" class=\"e-font-icon-svg e-fas-check-double\" viewBox=\"0 0 512 512\" xmlns=\"http:\/\/www.w3.org\/2000\/svg\"><path d=\"M505 174.8l-39.6-39.6c-9.4-9.4-24.6-9.4-33.9 0L192 374.7 80.6 263.2c-9.4-9.4-24.6-9.4-33.9 0L7 302.9c-9.4 9.4-9.4 24.6 0 34L175 505c9.4 9.4 24.6 9.4 33.9 0l296-296.2c9.4-9.5 9.4-24.7.1-34zm-324.3 106c6.2 6.3 16.4 6.3 22.6 0l208-208.2c6.2-6.3 6.2-16.4 0-22.6L366.1 4.7c-6.2-6.3-16.4-6.3-22.6 0L192 156.2l-55.4-55.5c-6.2-6.3-16.4-6.3-22.6 0L68.7 146c-6.2 6.3-6.2 16.4 0 22.6l112 112.2z\"><\/path><\/svg>\t\t\t\t\t\t<\/span>\n\t\t\t\t\t\t\t\t\t\t<span class=\"elementor-icon-list-text\">Puerto Montt, Puerto Varas, Los Muermos, Hualaihue, Chaiten, Castro, Ancud, Achao y Quellon.<\/span>\n\t\t\t\t\t\t\t\t\t<\/li>\n\t\t\t\t\t\t<\/ul>\n\t\t\t\t\t\t<\/div>\n\t\t\t\t<\/div>\n\t\t\t\t<div class=\"elementor-element elementor-element-57a68837 elementor-mobile-align-justify animated-fast elementor-widget-mobile__width-inherit elementor-invisible elementor-widget elementor-widget-button\" data-id=\"57a68837\" data-element_type=\"widget\" data-settings=\"{&quot;_animation&quot;:&quot;fadeIn&quot;,&quot;_animation_delay&quot;:400}\" data-widget_type=\"button.default\">\n\t\t\t\t<div class=\"elementor-widget-container\">\n\t\t\t\t\t\t\t\t\t<div class=\"elementor-button-wrapper\">\n\t\t\t\t\t<a class=\"elementor-button elementor-button-link elementor-size-sm elementor-animation-float\" href=\"https:\/\/wa.link\/98y97b\" target=\"_blank\">\n\t\t\t\t\t\t<span class=\"elementor-button-content-wrapper\">\n\t\t\t\t\t\t\t\t\t<span class=\"elementor-button-text\">Agenda una cita<\/span>\n\t\t\t\t\t<\/span>\n\t\t\t\t\t<\/a>\n\t\t\t\t<\/div>\n\t\t\t\t\t\t\t\t<\/div>\n\t\t\t\t<\/div>\n\t\t\t\t<div class=\"elementor-element elementor-element-47c7cca elementor-hidden-desktop elementor-invisible elementor-widget elementor-widget-image\" data-id=\"47c7cca\" data-element_type=\"widget\" data-settings=\"{&quot;_animation&quot;:&quot;slideInLeft&quot;}\" data-widget_type=\"image.default\">\n\t\t\t\t<div class=\"elementor-widget-container\">\n\t\t\t\t\t\t\t\t\t\t\t\t\t\t\t<img fetchpriority=\"high\" decoding=\"async\" width=\"724\" height=\"483\" src=\"https:\/\/mediacionfamiliarsur.cl\/wp-content\/uploads\/2024\/07\/Mediacion-Familiar-Sur-Puerto-Montt-.jpeg\" class=\"attachment-large size-large wp-image-37\" alt=\"\" srcset=\"https:\/\/mediacionfamiliarsur.cl\/wp-content\/uploads\/2024\/07\/Mediacion-Familiar-Sur-Puerto-Montt-.jpeg 724w, https:\/\/mediacionfamiliarsur.cl\/wp-content\/uploads\/2024\/07\/Mediacion-Familiar-Sur-Puerto-Montt--300x200.jpeg 300w\" sizes=\"(max-width: 724px) 100vw, 724px\" \/>\t\t\t\t\t\t\t\t\t\t\t\t\t\t\t<\/div>\n\t\t\t\t<\/div>\n\t\t\t\t\t<\/div>\n\t\t\t\t<\/div>\n\t\t\t\t<\/div>\n\t\t<div class=\"elementor-element elementor-element-3a24b0f3 e-con-full e-flex e-con e-child\" data-id=\"3a24b0f3\" data-element_type=\"container\">\n\t\t\t\t<div class=\"elementor-element elementor-element-6010dff3 elementor-hidden-mobile elementor-invisible elementor-widget elementor-widget-image\" data-id=\"6010dff3\" data-element_type=\"widget\" data-settings=\"{&quot;_animation&quot;:&quot;slideInLeft&quot;}\" data-widget_type=\"image.default\">\n\t\t\t\t<div class=\"elementor-widget-container\">\n\t\t\t\t\t\t\t\t\t\t\t\t\t\t\t<img fetchpriority=\"high\" decoding=\"async\" width=\"724\" height=\"483\" src=\"https:\/\/mediacionfamiliarsur.cl\/wp-content\/uploads\/2024\/07\/Mediacion-Familiar-Sur-Puerto-Montt-.jpeg\" class=\"attachment-large size-large wp-image-37\" alt=\"\" srcset=\"https:\/\/mediacionfamiliarsur.cl\/wp-content\/uploads\/2024\/07\/Mediacion-Familiar-Sur-Puerto-Montt-.jpeg 724w, https:\/\/mediacionfamiliarsur.cl\/wp-content\/uploads\/2024\/07\/Mediacion-Familiar-Sur-Puerto-Montt--300x200.jpeg 300w\" sizes=\"(max-width: 724px) 100vw, 724px\" \/>\t\t\t\t\t\t\t\t\t\t\t\t\t\t\t<\/div>\n\t\t\t\t<\/div>\n\t\t\t\t<\/div>\n\t\t\t\t<\/div>\n\t\t<div class=\"elementor-element elementor-element-7d2b9cee e-con-full e-flex e-con e-parent\" data-id=\"7d2b9cee\" data-element_type=\"container\" id=\"sobremi\" data-settings=\"{&quot;background_background&quot;:&quot;gradient&quot;}\">\n\t\t<div class=\"elementor-element elementor-element-5ff2288e e-con-full e-flex e-con e-child\" data-id=\"5ff2288e\" data-element_type=\"container\">\n\t\t<div class=\"elementor-element elementor-element-283c93fd e-flex e-con-boxed e-con e-child\" data-id=\"283c93fd\" data-element_type=\"container\">\n\t\t\t\t\t<div class=\"e-con-inner\">\n\t\t\t\t<div class=\"elementor-element elementor-element-47164add elementor-widget elementor-widget-heading\" data-id=\"47164add\" data-element_type=\"widget\" data-widget_type=\"heading.default\">\n\t\t\t\t<div class=\"elementor-widget-container\">\n\t\t\t\t\t<h4 class=\"elementor-heading-title elementor-size-default\">ROSA C\u00c1RCAMO ULLOA<\/h4>\t\t\t\t<\/div>\n\t\t\t\t<\/div>\n\t\t\t\t<div class=\"elementor-element elementor-element-12586f4f animated-slow elementor-invisible elementor-widget elementor-widget-heading\" data-id=\"12586f4f\" data-element_type=\"widget\" data-settings=\"{&quot;_animation&quot;:&quot;fadeIn&quot;}\" data-widget_type=\"heading.default\">\n\t\t\t\t<div class=\"elementor-widget-container\">\n\t\t\t\t\t<h2 class=\"elementor-heading-title elementor-size-default\">MEDIADORA FAMILIAR<\/h2>\t\t\t\t<\/div>\n\t\t\t\t<\/div>\n\t\t\t\t<div class=\"elementor-element elementor-element-1a70dc77 elementor-invisible elementor-widget elementor-widget-text-editor\" data-id=\"1a70dc77\" data-element_type=\"widget\" data-settings=\"{&quot;_animation&quot;:&quot;fadeIn&quot;,&quot;_animation_delay&quot;:200}\" data-widget_type=\"text-editor.default\">\n\t\t\t\t<div class=\"elementor-widget-container\">\n\t\t\t\t\t\t\t\t\t<ul><li>Diplomado en Mediaci\u00f3n\u00a0Familiar Universidad Catolica del Norte.<\/li><li class=\"gmail_default\">Magister en Mediaci\u00f3n Familiar Universidad de Aconcagua.<\/li><li class=\"gmail_default\">Magister en Mediaci\u00f3n Socio Familiar Universidad del Pacifico.<\/li><li class=\"gmail_default\">Master en Derecho Infancia y Familia Universidad de Barcelona. Espa\u00f1a\u00a0<\/li><li class=\"gmail_default\">14 a\u00f1os de experiencia en mediaci\u00f3n licitada y particular.<\/li><li class=\"gmail_default\">Servicio profesional emp\u00e1tico\u00a0y personalizado, confidencialidad, imparcialidad con centro en el inter\u00e9s superior del ni\u00f1o.<\/li><\/ul>\t\t\t\t\t\t\t\t<\/div>\n\t\t\t\t<\/div>\n\t\t\t\t<div class=\"elementor-element elementor-element-70317696 elementor-widget-divider--view-line elementor-widget elementor-widget-divider\" data-id=\"70317696\" data-element_type=\"widget\" data-widget_type=\"divider.default\">\n\t\t\t\t<div class=\"elementor-widget-container\">\n\t\t\t\t\t\t\t<div class=\"elementor-divider\">\n\t\t\t<span class=\"elementor-divider-separator\">\n\t\t\t\t\t\t<\/span>\n\t\t<\/div>\n\t\t\t\t\t\t<\/div>\n\t\t\t\t<\/div>\n\t\t\t\t\t<\/div>\n\t\t\t\t<\/div>\n\t\t\t\t<\/div>\n\t\t<div class=\"elementor-element elementor-element-f5f34a3 e-con-full e-flex e-con e-child\" data-id=\"f5f34a3\" data-element_type=\"container\">\n\t\t\t\t<div class=\"elementor-element elementor-element-768fed66 elementor-invisible elementor-widget elementor-widget-image\" data-id=\"768fed66\" data-element_type=\"widget\" data-settings=\"{&quot;_animation&quot;:&quot;slideInRight&quot;}\" data-widget_type=\"image.default\">\n\t\t\t\t<div class=\"elementor-widget-container\">\n\t\t\t\t\t\t\t\t\t\t\t\t\t\t\t<img decoding=\"async\" width=\"768\" height=\"1024\" src=\"https:\/\/mediacionfamiliarsur.cl\/wp-content\/uploads\/2024\/07\/Rosa-Carcamo-Mediadora-Sur-768x1024.png\" class=\"attachment-medium_large size-medium_large wp-image-42\" alt=\"\" srcset=\"https:\/\/mediacionfamiliarsur.cl\/wp-content\/uploads\/2024\/07\/Rosa-Carcamo-Mediadora-Sur-768x1024.png 768w, https:\/\/mediacionfamiliarsur.cl\/wp-content\/uploads\/2024\/07\/Rosa-Carcamo-Mediadora-Sur-225x300.png 225w, https:\/\/mediacionfamiliarsur.cl\/wp-content\/uploads\/2024\/07\/Rosa-Carcamo-Mediadora-Sur-1152x1536.png 1152w, https:\/\/mediacionfamiliarsur.cl\/wp-content\/uploads\/2024\/07\/Rosa-Carcamo-Mediadora-Sur.png 1536w\" sizes=\"(max-width: 768px) 100vw, 768px\" \/>\t\t\t\t\t\t\t\t\t\t\t\t\t\t\t<\/div>\n\t\t\t\t<\/div>\n\t\t\t\t<\/div>\n\t\t\t\t<\/div>\n\t\t<div class=\"elementor-element elementor-element-7ae59815 e-flex e-con-boxed e-con e-parent\" data-id=\"7ae59815\" data-element_type=\"container\" id=\"precios\">\n\t\t\t\t\t<div class=\"e-con-inner\">\n\t\t\t\t<div class=\"elementor-element elementor-element-570995c7 animated-slow elementor-invisible elementor-widget elementor-widget-heading\" data-id=\"570995c7\" data-element_type=\"widget\" data-settings=\"{&quot;_animation&quot;:&quot;fadeIn&quot;}\" data-widget_type=\"heading.default\">\n\t\t\t\t<div class=\"elementor-widget-container\">\n\t\t\t\t\t<h2 class=\"elementor-heading-title elementor-size-default\">Tarifas de nuestros servicios de mediaci\u00f3n privada<\/h2>\t\t\t\t<\/div>\n\t\t\t\t<\/div>\n\t\t\t\t\t<\/div>\n\t\t\t\t<\/div>\n\t\t<div class=\"elementor-element elementor-element-28766bce e-flex e-con-boxed elementor-invisible e-con e-parent\" data-id=\"28766bce\" data-element_type=\"container\" data-settings=\"{&quot;animation&quot;:&quot;fadeInUp&quot;}\">\n\t\t\t\t\t<div class=\"e-con-inner\">\n\t\t<div class=\"elementor-element elementor-element-6aab8d55 e-con-full e-flex e-con e-child\" data-id=\"6aab8d55\" data-element_type=\"container\" data-settings=\"{&quot;background_background&quot;:&quot;classic&quot;}\">\n\t\t\t\t<div class=\"elementor-element elementor-element-3c6f3afa animated-slow elementor-invisible elementor-widget elementor-widget-heading\" data-id=\"3c6f3afa\" data-element_type=\"widget\" data-settings=\"{&quot;_animation&quot;:&quot;fadeIn&quot;}\" data-widget_type=\"heading.default\">\n\t\t\t\t<div class=\"elementor-widget-container\">\n\t\t\t\t\t<h3 class=\"elementor-heading-title elementor-size-default\">Mediaci\u00f3n Frustrada sin Asistencia<\/h3>\t\t\t\t<\/div>\n\t\t\t\t<\/div>\n\t\t\t\t<div class=\"elementor-element elementor-element-338290e elementor-invisible elementor-widget elementor-widget-text-editor\" data-id=\"338290e\" data-element_type=\"widget\" data-settings=\"{&quot;_animation&quot;:&quot;fadeIn&quot;,&quot;_animation_delay&quot;:200}\" data-widget_type=\"text-editor.default\">\n\t\t\t\t<div class=\"elementor-widget-container\">\n\t\t\t\t\t\t\t\t\t<p>Se extiende certificado de mediaci\u00f3n frustrada al no asistir una o ambas partes a la cita agendada, o bien, al manifestar cualquiera de ellas su intenci\u00f3n de no someterse al proceso de mediaci\u00f3n. Dicho certificado de mediaci\u00f3n frustrada es requisito de admisibilidad para demandar en los Tribunales de Familia respectiva, las materias de familia cuya mediaci\u00f3n previa es obligatoria.<\/p>\t\t\t\t\t\t\t\t<\/div>\n\t\t\t\t<\/div>\n\t\t\t\t<div class=\"elementor-element elementor-element-deaf465 elementor-mobile-align-justify animated-fast elementor-invisible elementor-widget elementor-widget-button\" data-id=\"deaf465\" data-element_type=\"widget\" data-settings=\"{&quot;_animation&quot;:&quot;fadeIn&quot;,&quot;_animation_delay&quot;:400}\" data-widget_type=\"button.default\">\n\t\t\t\t<div class=\"elementor-widget-container\">\n\t\t\t\t\t\t\t\t\t<div class=\"elementor-button-wrapper\">\n\t\t\t\t\t<a class=\"elementor-button elementor-button-link elementor-size-sm elementor-animation-float\" href=\"https:\/\/wa.link\/exo01m\" target=\"_blank\">\n\t\t\t\t\t\t<span class=\"elementor-button-content-wrapper\">\n\t\t\t\t\t\t\t\t\t<span class=\"elementor-button-text\">Agenda una cita<\/span>\n\t\t\t\t\t<\/span>\n\t\t\t\t\t<\/a>\n\t\t\t\t<\/div>\n\t\t\t\t\t\t\t\t<\/div>\n\t\t\t\t<\/div>\n\t\t\t\t<div class=\"elementor-element elementor-element-dd4aa28 elementor-widget elementor-widget-heading\" data-id=\"dd4aa28\" data-element_type=\"widget\" data-widget_type=\"heading.default\">\n\t\t\t\t<div class=\"elementor-widget-container\">\n\t\t\t\t\t<h2 class=\"elementor-heading-title elementor-size-default\">*consulta valores<\/h2>\t\t\t\t<\/div>\n\t\t\t\t<\/div>\n\t\t\t\t<\/div>\n\t\t<div class=\"elementor-element elementor-element-50e53754 e-con-full e-flex e-con e-child\" data-id=\"50e53754\" data-element_type=\"container\" data-settings=\"{&quot;background_background&quot;:&quot;classic&quot;}\">\n\t\t\t\t<div class=\"elementor-element elementor-element-12e58972 animated-slow elementor-invisible elementor-widget elementor-widget-heading\" data-id=\"12e58972\" data-element_type=\"widget\" data-settings=\"{&quot;_animation&quot;:&quot;fadeIn&quot;}\" data-widget_type=\"heading.default\">\n\t\t\t\t<div class=\"elementor-widget-container\">\n\t\t\t\t\t<h3 class=\"elementor-heading-title elementor-size-default\">Mediaci\u00f3n Frustrada con Asistencia<\/h3>\t\t\t\t<\/div>\n\t\t\t\t<\/div>\n\t\t\t\t<div class=\"elementor-element elementor-element-307d8b1b elementor-invisible elementor-widget elementor-widget-text-editor\" data-id=\"307d8b1b\" data-element_type=\"widget\" data-settings=\"{&quot;_animation&quot;:&quot;fadeIn&quot;,&quot;_animation_delay&quot;:200}\" data-widget_type=\"text-editor.default\">\n\t\t\t\t<div class=\"elementor-widget-container\">\n\t\t\t\t\t\t\t\t\t<p>Se extiende certificado de mediaci\u00f3n frustrada, al asistir ambas partes a la sesi\u00f3n de mediaci\u00f3n sin que exista acuerdo en la materia de familia respectiva. Dicho certificado de mediaci\u00f3n frustrada es requisito de admisibilidad para demandar en los Tribunales de Familia respectiva, las materias de familia cuya mediaci\u00f3n previa es obligatoria.<\/p>\t\t\t\t\t\t\t\t<\/div>\n\t\t\t\t<\/div>\n\t\t\t\t<div class=\"elementor-element elementor-element-1777625 elementor-mobile-align-justify animated-fast elementor-invisible elementor-widget elementor-widget-button\" data-id=\"1777625\" data-element_type=\"widget\" data-settings=\"{&quot;_animation&quot;:&quot;fadeIn&quot;,&quot;_animation_delay&quot;:400}\" data-widget_type=\"button.default\">\n\t\t\t\t<div class=\"elementor-widget-container\">\n\t\t\t\t\t\t\t\t\t<div class=\"elementor-button-wrapper\">\n\t\t\t\t\t<a class=\"elementor-button elementor-button-link elementor-size-sm elementor-animation-float\" href=\"https:\/\/wa.link\/s0wtd3\" target=\"_blank\">\n\t\t\t\t\t\t<span class=\"elementor-button-content-wrapper\">\n\t\t\t\t\t\t\t\t\t<span class=\"elementor-button-text\">Agenda una cita<\/span>\n\t\t\t\t\t<\/span>\n\t\t\t\t\t<\/a>\n\t\t\t\t<\/div>\n\t\t\t\t\t\t\t\t<\/div>\n\t\t\t\t<\/div>\n\t\t\t\t<div class=\"elementor-element elementor-element-24b3429 elementor-widget elementor-widget-heading\" data-id=\"24b3429\" data-element_type=\"widget\" data-widget_type=\"heading.default\">\n\t\t\t\t<div class=\"elementor-widget-container\">\n\t\t\t\t\t<h2 class=\"elementor-heading-title elementor-size-default\">*consulta valores<\/h2>\t\t\t\t<\/div>\n\t\t\t\t<\/div>\n\t\t\t\t<\/div>\n\t\t<div class=\"elementor-element elementor-element-dfe8f06 e-con-full e-flex e-con e-child\" data-id=\"dfe8f06\" data-element_type=\"container\" data-settings=\"{&quot;background_background&quot;:&quot;classic&quot;}\">\n\t\t\t\t<div class=\"elementor-element elementor-element-44f8309 animated-slow elementor-invisible elementor-widget elementor-widget-heading\" data-id=\"44f8309\" data-element_type=\"widget\" data-settings=\"{&quot;_animation&quot;:&quot;fadeIn&quot;}\" data-widget_type=\"heading.default\">\n\t\t\t\t<div class=\"elementor-widget-container\">\n\t\t\t\t\t<h3 class=\"elementor-heading-title elementor-size-default\">Mediaci\u00f3n con Acuerdo\n<\/h3>\t\t\t\t<\/div>\n\t\t\t\t<\/div>\n\t\t\t\t<div class=\"elementor-element elementor-element-a9eac26 elementor-invisible elementor-widget elementor-widget-text-editor\" data-id=\"a9eac26\" data-element_type=\"widget\" data-settings=\"{&quot;_animation&quot;:&quot;fadeIn&quot;,&quot;_animation_delay&quot;:200}\" data-widget_type=\"text-editor.default\">\n\t\t\t\t<div class=\"elementor-widget-container\">\n\t\t\t\t\t\t\t\t\t<p>Se extiende acta con el acuerdo arribado por las partes respecto de las materias sometidas a mediaci\u00f3n. En la que puede constar una o m\u00e1s materias de familia. El acuerdo es subido a la plataforma de poder judicial por la mediadora, lo que al ser aprobado por el juez quedara como una sentencia judicial ejecutoriada, luego de lo cual llegar\u00e1 una resoluci\u00f3n del tribunal a las partes involucradas.<\/p>\t\t\t\t\t\t\t\t<\/div>\n\t\t\t\t<\/div>\n\t\t\t\t<div class=\"elementor-element elementor-element-a96408d elementor-mobile-align-justify animated-fast elementor-invisible elementor-widget elementor-widget-button\" data-id=\"a96408d\" data-element_type=\"widget\" data-settings=\"{&quot;_animation&quot;:&quot;fadeIn&quot;,&quot;_animation_delay&quot;:400}\" data-widget_type=\"button.default\">\n\t\t\t\t<div class=\"elementor-widget-container\">\n\t\t\t\t\t\t\t\t\t<div class=\"elementor-button-wrapper\">\n\t\t\t\t\t<a class=\"elementor-button elementor-button-link elementor-size-sm elementor-animation-float\" href=\"https:\/\/wa.link\/ifasi0\" target=\"_blank\">\n\t\t\t\t\t\t<span class=\"elementor-button-content-wrapper\">\n\t\t\t\t\t\t\t\t\t<span class=\"elementor-button-text\">Agenda una cita<\/span>\n\t\t\t\t\t<\/span>\n\t\t\t\t\t<\/a>\n\t\t\t\t<\/div>\n\t\t\t\t\t\t\t\t<\/div>\n\t\t\t\t<\/div>\n\t\t\t\t<div class=\"elementor-element elementor-element-39dcc87 elementor-widget elementor-widget-heading\" data-id=\"39dcc87\" data-element_type=\"widget\" data-widget_type=\"heading.default\">\n\t\t\t\t<div class=\"elementor-widget-container\">\n\t\t\t\t\t<h2 class=\"elementor-heading-title elementor-size-default\">*consulta valores<\/h2>\t\t\t\t<\/div>\n\t\t\t\t<\/div>\n\t\t\t\t<\/div>\n\t\t\t\t\t<\/div>\n\t\t\t\t<\/div>\n\t\t<div class=\"elementor-element elementor-element-5bcb9979 e-con-full e-flex e-con e-parent\" data-id=\"5bcb9979\" data-element_type=\"container\" data-settings=\"{&quot;background_background&quot;:&quot;classic&quot;}\">\n\t\t<div class=\"elementor-element elementor-element-2420c586 e-con-full e-flex e-con e-child\" data-id=\"2420c586\" data-element_type=\"container\">\n\t\t<div class=\"elementor-element elementor-element-180405a9 e-con-full e-flex e-con e-child\" data-id=\"180405a9\" data-element_type=\"container\">\n\t\t\t\t<div class=\"elementor-element elementor-element-508cc08e animated-slow elementor-invisible elementor-widget elementor-widget-heading\" data-id=\"508cc08e\" data-element_type=\"widget\" data-settings=\"{&quot;_animation&quot;:&quot;fadeIn&quot;}\" data-widget_type=\"heading.default\">\n\t\t\t\t<div class=\"elementor-widget-container\">\n\t\t\t\t\t<h2 class=\"elementor-heading-title elementor-size-default\">Mediaci\u00f3n Familiar Privada<\/h2>\t\t\t\t<\/div>\n\t\t\t\t<\/div>\n\t\t\t\t<div class=\"elementor-element elementor-element-74e627cd elementor-invisible elementor-widget elementor-widget-heading\" data-id=\"74e627cd\" data-element_type=\"widget\" data-settings=\"{&quot;_animation&quot;:&quot;fadeIn&quot;,&quot;_animation_delay&quot;:200}\" data-widget_type=\"heading.default\">\n\t\t\t\t<div class=\"elementor-widget-container\">\n\t\t\t\t\t<h3 class=\"elementor-heading-title elementor-size-default\">La mediaci\u00f3n consiste en una reuni\u00f3n de las partes involucradas, a trav\u00e9s de plataforma virtual meet.<\/h3>\t\t\t\t<\/div>\n\t\t\t\t<\/div>\n\t\t\t\t<\/div>\n\t\t<div class=\"elementor-element elementor-element-40e57f34 e-con-full e-flex e-con e-child\" data-id=\"40e57f34\" data-element_type=\"container\">\n\t\t\t\t<div class=\"elementor-element elementor-element-76507b25 animated-slow elementor-widget-divider--view-line elementor-invisible elementor-widget elementor-widget-divider\" data-id=\"76507b25\" data-element_type=\"widget\" data-settings=\"{&quot;_animation&quot;:&quot;fadeIn&quot;}\" data-widget_type=\"divider.default\">\n\t\t\t\t<div class=\"elementor-widget-container\">\n\t\t\t\t\t\t\t<div class=\"elementor-divider\">\n\t\t\t<span class=\"elementor-divider-separator\">\n\t\t\t\t\t\t<\/span>\n\t\t<\/div>\n\t\t\t\t\t\t<\/div>\n\t\t\t\t<\/div>\n\t\t\t\t<div class=\"elementor-element elementor-element-1a2b85 elementor-invisible elementor-widget elementor-widget-icon-box\" data-id=\"1a2b85\" data-element_type=\"widget\" data-settings=\"{&quot;_animation&quot;:&quot;fadeIn&quot;,&quot;_animation_delay&quot;:200}\" data-widget_type=\"icon-box.default\">\n\t\t\t\t<div class=\"elementor-widget-container\">\n\t\t\t\t\t\t\t<div class=\"elementor-icon-box-wrapper\">\n\n\t\t\t\n\t\t\t\t\t\t<div class=\"elementor-icon-box-content\">\n\n\t\t\t\t\t\t\t\t\t<h4 class=\"elementor-icon-box-title\">\n\t\t\t\t\t\t<span  >\n\t\t\t\t\t\t\tEnvio de datos\t\t\t\t\t\t<\/span>\n\t\t\t\t\t<\/h4>\n\t\t\t\t\n\t\t\t\t\t\t\t\t\t<p class=\"elementor-icon-box-description\">\n\t\t\t\t\t\tUna vez que se solicita una mediaci\u00f3n, el solicitante debe enviar nombres, rut, direcciones,   tel\u00e9fonos y correos electr\u00f3nicos de ambas partes\t\t\t\t\t<\/p>\n\t\t\t\t\n\t\t\t<\/div>\n\t\t\t\n\t\t<\/div>\n\t\t\t\t\t\t<\/div>\n\t\t\t\t<\/div>\n\t\t\t\t<\/div>\n\t\t<div class=\"elementor-element elementor-element-5caa62ba e-con-full e-flex e-con e-child\" data-id=\"5caa62ba\" data-element_type=\"container\">\n\t\t\t\t<div class=\"elementor-element elementor-element-f5d7927 animated-slow elementor-widget-divider--view-line elementor-invisible elementor-widget elementor-widget-divider\" data-id=\"f5d7927\" data-element_type=\"widget\" data-settings=\"{&quot;_animation&quot;:&quot;fadeIn&quot;}\" data-widget_type=\"divider.default\">\n\t\t\t\t<div class=\"elementor-widget-container\">\n\t\t\t\t\t\t\t<div class=\"elementor-divider\">\n\t\t\t<span class=\"elementor-divider-separator\">\n\t\t\t\t\t\t<\/span>\n\t\t<\/div>\n\t\t\t\t\t\t<\/div>\n\t\t\t\t<\/div>\n\t\t\t\t<div class=\"elementor-element elementor-element-1b21854a elementor-invisible elementor-widget elementor-widget-icon-box\" data-id=\"1b21854a\" data-element_type=\"widget\" data-settings=\"{&quot;_animation&quot;:&quot;fadeIn&quot;,&quot;_animation_delay&quot;:200}\" data-widget_type=\"icon-box.default\">\n\t\t\t\t<div class=\"elementor-widget-container\">\n\t\t\t\t\t\t\t<div class=\"elementor-icon-box-wrapper\">\n\n\t\t\t\n\t\t\t\t\t\t<div class=\"elementor-icon-box-content\">\n\n\t\t\t\t\t\t\t\t\t<h4 class=\"elementor-icon-box-title\">\n\t\t\t\t\t\t<span  >\n\t\t\t\t\t\t\tAgendamiento\t\t\t\t\t\t<\/span>\n\t\t\t\t\t<\/h4>\n\t\t\t\t\n\t\t\t\t\t\t\t\t\t<p class=\"elementor-icon-box-description\">\n\t\t\t\t\t\tSe env\u00eda invitaci\u00f3n  a solicitante y solicitado mediante correos electr\u00f3nicos, indicando fecha, hora y link de la mediaci\u00f3n.\t\t\t\t\t<\/p>\n\t\t\t\t\n\t\t\t<\/div>\n\t\t\t\n\t\t<\/div>\n\t\t\t\t\t\t<\/div>\n\t\t\t\t<\/div>\n\t\t\t\t<\/div>\n\t\t<div class=\"elementor-element elementor-element-6989294b e-con-full e-flex e-con e-child\" data-id=\"6989294b\" data-element_type=\"container\">\n\t\t\t\t<div class=\"elementor-element elementor-element-65f88282 animated-slow elementor-widget-divider--view-line elementor-invisible elementor-widget elementor-widget-divider\" data-id=\"65f88282\" data-element_type=\"widget\" data-settings=\"{&quot;_animation&quot;:&quot;fadeIn&quot;}\" data-widget_type=\"divider.default\">\n\t\t\t\t<div class=\"elementor-widget-container\">\n\t\t\t\t\t\t\t<div class=\"elementor-divider\">\n\t\t\t<span class=\"elementor-divider-separator\">\n\t\t\t\t\t\t<\/span>\n\t\t<\/div>\n\t\t\t\t\t\t<\/div>\n\t\t\t\t<\/div>\n\t\t\t\t<div class=\"elementor-element elementor-element-5a6dc3a8 elementor-invisible elementor-widget elementor-widget-icon-box\" data-id=\"5a6dc3a8\" data-element_type=\"widget\" data-settings=\"{&quot;_animation&quot;:&quot;fadeIn&quot;,&quot;_animation_delay&quot;:200}\" data-widget_type=\"icon-box.default\">\n\t\t\t\t<div class=\"elementor-widget-container\">\n\t\t\t\t\t\t\t<div class=\"elementor-icon-box-wrapper\">\n\n\t\t\t\n\t\t\t\t\t\t<div class=\"elementor-icon-box-content\">\n\n\t\t\t\t\t\t\t\t\t<h4 class=\"elementor-icon-box-title\">\n\t\t\t\t\t\t<span  >\n\t\t\t\t\t\t\tPresencial\t\t\t\t\t\t<\/span>\n\t\t\t\t\t<\/h4>\n\t\t\t\t\n\t\t\t\t\t\t\t\t\t<p class=\"elementor-icon-box-description\">\n\t\t\t\t\t\tEn caso de que la mediaci\u00f3n requiera ser presencial esta tiene costos que son variables de acuerdo a la jurisdicci\u00f3n en que se solicite.\t\t\t\t\t<\/p>\n\t\t\t\t\n\t\t\t<\/div>\n\t\t\t\n\t\t<\/div>\n\t\t\t\t\t\t<\/div>\n\t\t\t\t<\/div>\n\t\t\t\t<\/div>\n\t\t\t\t<\/div>\n\t\t\t\t<\/div>\n\t\t<div class=\"elementor-element elementor-element-7f0f7437 e-flex e-con-boxed e-con e-parent\" data-id=\"7f0f7437\" data-element_type=\"container\" id=\"faqs\">\n\t\t\t\t\t<div class=\"e-con-inner\">\n\t\t<div class=\"elementor-element elementor-element-826e48a e-con-full e-flex e-con e-child\" data-id=\"826e48a\" data-element_type=\"container\">\n\t\t\t\t<div class=\"elementor-element elementor-element-55f419ae animated-slow elementor-invisible elementor-widget elementor-widget-heading\" data-id=\"55f419ae\" data-element_type=\"widget\" data-settings=\"{&quot;_animation&quot;:&quot;fadeIn&quot;}\" data-widget_type=\"heading.default\">\n\t\t\t\t<div class=\"elementor-widget-container\">\n\t\t\t\t\t<h2 class=\"elementor-heading-title elementor-size-default\">Proceso de Mediaci\u00f3n\n<\/h2>\t\t\t\t<\/div>\n\t\t\t\t<\/div>\n\t\t\t\t<div class=\"elementor-element elementor-element-6d859e04 elementor-invisible elementor-widget elementor-widget-text-editor\" data-id=\"6d859e04\" data-element_type=\"widget\" data-settings=\"{&quot;_animation&quot;:&quot;fadeIn&quot;,&quot;_animation_delay&quot;:200}\" data-widget_type=\"text-editor.default\">\n\t\t\t\t<div class=\"elementor-widget-container\">\n\t\t\t\t\t\t\t\t\t<p class=\"p1\">La\u00a0<b>mediaci\u00f3n es una instancia previa y obligatoria<\/b>, antes de iniciar un juicio o demanda. En ella, las partes pueden llegar a un acuerdo, asistidos por un mediador\/a.<span class=\"Apple-converted-space\">\u00a0<\/span><\/p><p class=\"p1\">Este acuerdo se deja por escrito en un \u201cActa de Acuerdo\u201d, el que, de ser aprobado por un Juez de Familia, tiene la misma validez que una sentencia judicial.<span class=\"Apple-converted-space\">\u00a0<\/span><\/p>\t\t\t\t\t\t\t\t<\/div>\n\t\t\t\t<\/div>\n\t\t\t\t<\/div>\n\t\t\t\t<div class=\"elementor-element elementor-element-7d0feaa elementor-widget__width-initial elementor-widget-tablet__width-inherit elementor-widget elementor-widget-toggle\" data-id=\"7d0feaa\" data-element_type=\"widget\" data-widget_type=\"toggle.default\">\n\t\t\t\t<div class=\"elementor-widget-container\">\n\t\t\t\t\t\t\t<div class=\"elementor-toggle\">\n\t\t\t\t\t\t\t<div class=\"elementor-toggle-item\">\n\t\t\t\t\t<div id=\"elementor-tab-title-1311\" class=\"elementor-tab-title\" data-tab=\"1\" role=\"button\" aria-controls=\"elementor-tab-content-1311\" aria-expanded=\"false\">\n\t\t\t\t\t\t\t\t\t\t\t\t<a class=\"elementor-toggle-title\" tabindex=\"0\">\u00bfQu\u00e9 es Mediaci\u00f3n?<\/a>\n\t\t\t\t\t<\/div>\n\n\t\t\t\t\t<div id=\"elementor-tab-content-1311\" class=\"elementor-tab-content elementor-clearfix\" data-tab=\"1\" role=\"region\" aria-labelledby=\"elementor-tab-title-1311\"><p>Son profesionales especializados que\u00a0<strong>facilitan el di\u00e1logo entre las personas que concurrieron al proceso de mediaci\u00f3n<\/strong>. Son una figura neutral e imparcial que orientan a las partes para que encuentren una soluci\u00f3n.<\/p><p>Para poder ejercer su rol, deben estar debidamente inscritos en el Registro de Mediadores\/as que administra el Ministerio de Justicia y Derechos Humanos, a trav\u00e9s de sus respectivas Secretarias Regionales Ministeriales.<\/p><\/div>\n\t\t\t\t<\/div>\n\t\t\t\t\t\t\t<div class=\"elementor-toggle-item\">\n\t\t\t\t\t<div id=\"elementor-tab-title-1312\" class=\"elementor-tab-title\" data-tab=\"2\" role=\"button\" aria-controls=\"elementor-tab-content-1312\" aria-expanded=\"false\">\n\t\t\t\t\t\t\t\t\t\t\t\t<a class=\"elementor-toggle-title\" tabindex=\"0\">\u00bfQu\u00e9 materias se pueden tratar en mediaci\u00f3n?<\/a>\n\t\t\t\t\t<\/div>\n\n\t\t\t\t\t<div id=\"elementor-tab-content-1312\" class=\"elementor-tab-content elementor-clearfix\" data-tab=\"2\" role=\"region\" aria-labelledby=\"elementor-tab-title-1312\"><div class=\"bt_bb_accordion_item_title\">Las materias que de forma obligatoria deben ser sometidas antes de ir a juicio ante el<br \/>Tribunal de Familia son:<\/div><div>\u00a0<\/div><div class=\"bt_bb_accordion_item_content\"><div class=\"bt_bb_text\"><ul><li>Alimentos<\/li><li>Relaci\u00f3n directa y regular (visitas)<\/li><li>Cuidado personal (tuici\u00f3n).<span class=\"Apple-converted-space\">\u00a0<\/span><\/li><\/ul><\/div><\/div><\/div>\n\t\t\t\t<\/div>\n\t\t\t\t\t\t\t\t\t\t<script type=\"application\/ld+json\">{\"@context\":\"https:\\\/\\\/schema.org\",\"@type\":\"FAQPage\",\"mainEntity\":[{\"@type\":\"Question\",\"name\":\"\\u00bfQu\\u00e9 es Mediaci\\u00f3n?\",\"acceptedAnswer\":{\"@type\":\"Answer\",\"text\":\"<p>Son profesionales especializados que\\u00a0<strong>facilitan el di\\u00e1logo entre las personas que concurrieron al proceso de mediaci\\u00f3n<\\\/strong>. Son una figura neutral e imparcial que orientan a las partes para que encuentren una soluci\\u00f3n.<\\\/p><p>Para poder ejercer su rol, deben estar debidamente inscritos en el Registro de Mediadores\\\/as que administra el Ministerio de Justicia y Derechos Humanos, a trav\\u00e9s de sus respectivas Secretarias Regionales Ministeriales.<\\\/p>\"}},{\"@type\":\"Question\",\"name\":\"\\u00bfQu\\u00e9 materias se pueden tratar en mediaci\\u00f3n?\",\"acceptedAnswer\":{\"@type\":\"Answer\",\"text\":\"<div class=\\\"bt_bb_accordion_item_title\\\">Las materias que de forma obligatoria deben ser sometidas antes de ir a juicio ante el<br \\\/>Tribunal de Familia son:<\\\/div><div>\\u00a0<\\\/div><div class=\\\"bt_bb_accordion_item_content\\\"><div class=\\\"bt_bb_text\\\"><ul><li>Alimentos<\\\/li><li>Relaci\\u00f3n directa y regular (visitas)<\\\/li><li>Cuidado personal (tuici\\u00f3n).<span class=\\\"Apple-converted-space\\\">\\u00a0<\\\/span><\\\/li><\\\/ul><\\\/div><\\\/div>\"}}]}<\/script>\n\t\t\t\t\t<\/div>\n\t\t\t\t\t\t<\/div>\n\t\t\t\t<\/div>\n\t\t\t\t\t<\/div>\n\t\t\t\t<\/div>\n\t\t<div class=\"elementor-element elementor-element-2ae0d6c1 e-flex e-con-boxed e-con e-parent\" data-id=\"2ae0d6c1\" data-element_type=\"container\" data-settings=\"{&quot;background_background&quot;:&quot;classic&quot;}\">\n\t\t\t\t\t<div class=\"e-con-inner\">\n\t\t\t\t<div class=\"elementor-element elementor-element-19c82f97 animated-slow elementor-invisible elementor-widget elementor-widget-heading\" data-id=\"19c82f97\" data-element_type=\"widget\" data-settings=\"{&quot;_animation&quot;:&quot;fadeIn&quot;}\" data-widget_type=\"heading.default\">\n\t\t\t\t<div class=\"elementor-widget-container\">\n\t\t\t\t\t<h2 class=\"elementor-heading-title elementor-size-default\">Resolvemos tus dudas<\/h2>\t\t\t\t<\/div>\n\t\t\t\t<\/div>\n\t\t\t\t<div class=\"elementor-element elementor-element-2f355ebd elementor-invisible elementor-widget elementor-widget-text-editor\" data-id=\"2f355ebd\" data-element_type=\"widget\" data-settings=\"{&quot;_animation&quot;:&quot;fadeIn&quot;,&quot;_animation_delay&quot;:200}\" data-widget_type=\"text-editor.default\">\n\t\t\t\t<div class=\"elementor-widget-container\">\n\t\t\t\t\t\t\t\t\t<p>\u00bfDudas sobre nuestros servicios? Resolvemos tus dudas, cont\u00e1ctanos ahora.<\/p>\t\t\t\t\t\t\t\t<\/div>\n\t\t\t\t<\/div>\n\t\t\t\t<div class=\"elementor-element elementor-element-31a865f elementor-mobile-align-justify animated-fast elementor-align-center elementor-invisible elementor-widget elementor-widget-button\" data-id=\"31a865f\" data-element_type=\"widget\" data-settings=\"{&quot;_animation&quot;:&quot;fadeIn&quot;,&quot;_animation_delay&quot;:400}\" data-widget_type=\"button.default\">\n\t\t\t\t<div class=\"elementor-widget-container\">\n\t\t\t\t\t\t\t\t\t<div class=\"elementor-button-wrapper\">\n\t\t\t\t\t<a class=\"elementor-button elementor-button-link elementor-size-sm elementor-animation-float\" href=\"https:\/\/wa.link\/98y97b\" target=\"_blank\">\n\t\t\t\t\t\t<span class=\"elementor-button-content-wrapper\">\n\t\t\t\t\t\t\t\t\t<span class=\"elementor-button-text\">Agenda una cita<\/span>\n\t\t\t\t\t<\/span>\n\t\t\t\t\t<\/a>\n\t\t\t\t<\/div>\n\t\t\t\t\t\t\t\t<\/div>\n\t\t\t\t<\/div>\n\t\t\t\t\t<\/div>\n\t\t\t\t<\/div>\n\t\t\t\t<\/div>\n\t\t","protected":false},"excerpt":{"rendered":"<p>Mediaci\u00f3n Familiar Privada Materias que requieren mediaci\u00f3n previa: Pensi\u00f3n de alimentos. Aumento, rebaja y cese de pensi\u00f3n de alimentos. Relaci\u00f3n directa y regular. Modificaciones. Cuidado personal. Contamos con jurisdicci\u00f3n en los siguientes Tribunales de Familia: Puerto Montt, Puerto Varas, Los Muermos, Hualaihue, Chaiten, Castro, Ancud, Achao y Quellon. Agenda una cita ROSA C\u00c1RCAMO ULLOA MEDIADORA [&hellip;]<\/p>\n","protected":false},"author":1,"featured_media":37,"parent":0,"menu_order":0,"comment_status":"closed","ping_status":"closed","template":"elementor_header_footer","meta":{"footnotes":""},"class_list":["post-8","page","type-page","status-publish","has-post-thumbnail","hentry"],"yoast_head":"<!-- This site is optimized with the Yoast SEO plugin v25.3 - https:\/\/yoast.com\/wordpress\/plugins\/seo\/ -->\n<title>Mediaci\u00f3n Familiar en el Sur de Chile | Soluciones Efectivas<\/title>\n<meta name=\"description\" content=\"Especialista en mediaci\u00f3n familiar, brindamos apoyo y soluciones para resolver disputas de manera armoniosa. Conoce c\u00f3mo podemos ayudarte.\" \/>\n<meta name=\"robots\" content=\"index, follow, max-snippet:-1, max-image-preview:large, max-video-preview:-1\" \/>\n<link rel=\"canonical\" href=\"https:\/\/mediacionfamiliarsur.cl\/\" \/>\n<meta property=\"og:locale\" content=\"es_ES\" \/>\n<meta property=\"og:type\" content=\"article\" \/>\n<meta property=\"og:title\" content=\"Mediaci\u00f3n Familiar en el Sur de Chile | Soluciones Efectivas\" \/>\n<meta property=\"og:description\" content=\"Especialista en mediaci\u00f3n familiar, brindamos apoyo y soluciones para resolver disputas de manera armoniosa. Conoce c\u00f3mo podemos ayudarte.\" \/>\n<meta property=\"og:url\" content=\"https:\/\/mediacionfamiliarsur.cl\/\" \/>\n<meta property=\"og:site_name\" content=\"Mediaci\u00f3n Familiar Sur\" \/>\n<meta property=\"article:modified_time\" content=\"2024-07-18T18:03:00+00:00\" \/>\n<meta property=\"og:image\" content=\"https:\/\/mediacionfamiliarsur.cl\/wp-content\/uploads\/2024\/07\/Mediacion-Familiar-Sur-Puerto-Montt-.jpeg\" \/>\n\t<meta property=\"og:image:width\" content=\"724\" \/>\n\t<meta property=\"og:image:height\" content=\"483\" \/>\n\t<meta property=\"og:image:type\" content=\"image\/jpeg\" \/>\n<meta name=\"twitter:card\" content=\"summary_large_image\" \/>\n<meta name=\"twitter:title\" content=\"Mediaci\u00f3n Familiar en el Sur de Chile | Soluciones Efectivas\" \/>\n<meta name=\"twitter:description\" content=\"Especialista en mediaci\u00f3n familiar, brindamos apoyo y soluciones para resolver disputas de manera armoniosa. Conoce c\u00f3mo podemos ayudarte.\" \/>\n<meta name=\"twitter:image\" content=\"https:\/\/mediacionfamiliarsur.cl\/wp-content\/uploads\/2024\/07\/Mediacion-Familiar-Sur-Puerto-Montt-.jpeg\" \/>\n<meta name=\"twitter:label1\" content=\"Tiempo de lectura\" \/>\n\t<meta name=\"twitter:data1\" content=\"3 minutos\" \/>\n<script type=\"application\/ld+json\" class=\"yoast-schema-graph\">{\"@context\":\"https:\/\/schema.org\",\"@graph\":[{\"@type\":\"WebPage\",\"@id\":\"https:\/\/mediacionfamiliarsur.cl\/\",\"url\":\"https:\/\/mediacionfamiliarsur.cl\/\",\"name\":\"Mediaci\u00f3n Familiar en el Sur de Chile | Soluciones Efectivas\",\"isPartOf\":{\"@id\":\"https:\/\/mediacionfamiliarsur.cl\/#website\"},\"primaryImageOfPage\":{\"@id\":\"https:\/\/mediacionfamiliarsur.cl\/#primaryimage\"},\"image\":{\"@id\":\"https:\/\/mediacionfamiliarsur.cl\/#primaryimage\"},\"thumbnailUrl\":\"https:\/\/mediacionfamiliarsur.cl\/wp-content\/uploads\/2024\/07\/Mediacion-Familiar-Sur-Puerto-Montt-.jpeg\",\"datePublished\":\"2024-07-08T01:25:16+00:00\",\"dateModified\":\"2024-07-18T18:03:00+00:00\",\"description\":\"Especialista en mediaci\u00f3n familiar, brindamos apoyo y soluciones para resolver disputas de manera armoniosa. Conoce c\u00f3mo podemos ayudarte.\",\"breadcrumb\":{\"@id\":\"https:\/\/mediacionfamiliarsur.cl\/#breadcrumb\"},\"inLanguage\":\"es\",\"potentialAction\":[{\"@type\":\"ReadAction\",\"target\":[\"https:\/\/mediacionfamiliarsur.cl\/\"]}]},{\"@type\":\"ImageObject\",\"inLanguage\":\"es\",\"@id\":\"https:\/\/mediacionfamiliarsur.cl\/#primaryimage\",\"url\":\"https:\/\/mediacionfamiliarsur.cl\/wp-content\/uploads\/2024\/07\/Mediacion-Familiar-Sur-Puerto-Montt-.jpeg\",\"contentUrl\":\"https:\/\/mediacionfamiliarsur.cl\/wp-content\/uploads\/2024\/07\/Mediacion-Familiar-Sur-Puerto-Montt-.jpeg\",\"width\":724,\"height\":483},{\"@type\":\"BreadcrumbList\",\"@id\":\"https:\/\/mediacionfamiliarsur.cl\/#breadcrumb\",\"itemListElement\":[{\"@type\":\"ListItem\",\"position\":1,\"name\":\"Portada\",\"item\":\"https:\/\/mediacionfamiliarsur.cl\/\"},{\"@type\":\"ListItem\",\"position\":2,\"name\":\"Inicio\"}]},{\"@type\":\"WebSite\",\"@id\":\"https:\/\/mediacionfamiliarsur.cl\/#website\",\"url\":\"https:\/\/mediacionfamiliarsur.cl\/\",\"name\":\"Mediaci\u00f3n Familiar Sur\",\"description\":\"\",\"publisher\":{\"@id\":\"https:\/\/mediacionfamiliarsur.cl\/#\/schema\/person\/1ed2db4a266e359b859e5f9c8f80b589\"},\"potentialAction\":[{\"@type\":\"SearchAction\",\"target\":{\"@type\":\"EntryPoint\",\"urlTemplate\":\"https:\/\/mediacionfamiliarsur.cl\/?s={search_term_string}\"},\"query-input\":{\"@type\":\"PropertyValueSpecification\",\"valueRequired\":true,\"valueName\":\"search_term_string\"}}],\"inLanguage\":\"es\"},{\"@type\":[\"Person\",\"Organization\"],\"@id\":\"https:\/\/mediacionfamiliarsur.cl\/#\/schema\/person\/1ed2db4a266e359b859e5f9c8f80b589\",\"name\":\"admin\",\"image\":{\"@type\":\"ImageObject\",\"inLanguage\":\"es\",\"@id\":\"https:\/\/mediacionfamiliarsur.cl\/#\/schema\/person\/image\/\",\"url\":\"https:\/\/mediacionfamiliarsur.cl\/wp-content\/uploads\/2024\/07\/cropped-Mediaciones-Familiares-500-x-300-px.png\",\"contentUrl\":\"https:\/\/mediacionfamiliarsur.cl\/wp-content\/uploads\/2024\/07\/cropped-Mediaciones-Familiares-500-x-300-px.png\",\"width\":500,\"height\":164,\"caption\":\"admin\"},\"logo\":{\"@id\":\"https:\/\/mediacionfamiliarsur.cl\/#\/schema\/person\/image\/\"},\"sameAs\":[\"https:\/\/mediacionfamiliarsur.cl\"]}]}<\/script>\n<!-- \/ Yoast SEO plugin. -->","yoast_head_json":{"title":"Mediaci\u00f3n Familiar en el Sur de Chile | Soluciones Efectivas","description":"Especialista en mediaci\u00f3n familiar, brindamos apoyo y soluciones para resolver disputas de manera armoniosa. Conoce c\u00f3mo podemos ayudarte.","robots":{"index":"index","follow":"follow","max-snippet":"max-snippet:-1","max-image-preview":"max-image-preview:large","max-video-preview":"max-video-preview:-1"},"canonical":"https:\/\/mediacionfamiliarsur.cl\/","og_locale":"es_ES","og_type":"article","og_title":"Mediaci\u00f3n Familiar en el Sur de Chile | Soluciones Efectivas","og_description":"Especialista en mediaci\u00f3n familiar, brindamos apoyo y soluciones para resolver disputas de manera armoniosa. Conoce c\u00f3mo podemos ayudarte.","og_url":"https:\/\/mediacionfamiliarsur.cl\/","og_site_name":"Mediaci\u00f3n Familiar Sur","article_modified_time":"2024-07-18T18:03:00+00:00","og_image":[{"width":724,"height":483,"url":"https:\/\/mediacionfamiliarsur.cl\/wp-content\/uploads\/2024\/07\/Mediacion-Familiar-Sur-Puerto-Montt-.jpeg","type":"image\/jpeg"}],"twitter_card":"summary_large_image","twitter_title":"Mediaci\u00f3n Familiar en el Sur de Chile | Soluciones Efectivas","twitter_description":"Especialista en mediaci\u00f3n familiar, brindamos apoyo y soluciones para resolver disputas de manera armoniosa. Conoce c\u00f3mo podemos ayudarte.","twitter_image":"https:\/\/mediacionfamiliarsur.cl\/wp-content\/uploads\/2024\/07\/Mediacion-Familiar-Sur-Puerto-Montt-.jpeg","twitter_misc":{"Tiempo de lectura":"3 minutos"},"schema":{"@context":"https:\/\/schema.org","@graph":[{"@type":"WebPage","@id":"https:\/\/mediacionfamiliarsur.cl\/","url":"https:\/\/mediacionfamiliarsur.cl\/","name":"Mediaci\u00f3n Familiar en el Sur de Chile | Soluciones Efectivas","isPartOf":{"@id":"https:\/\/mediacionfamiliarsur.cl\/#website"},"primaryImageOfPage":{"@id":"https:\/\/mediacionfamiliarsur.cl\/#primaryimage"},"image":{"@id":"https:\/\/mediacionfamiliarsur.cl\/#primaryimage"},"thumbnailUrl":"https:\/\/mediacionfamiliarsur.cl\/wp-content\/uploads\/2024\/07\/Mediacion-Familiar-Sur-Puerto-Montt-.jpeg","datePublished":"2024-07-08T01:25:16+00:00","dateModified":"2024-07-18T18:03:00+00:00","description":"Especialista en mediaci\u00f3n familiar, brindamos apoyo y soluciones para resolver disputas de manera armoniosa. Conoce c\u00f3mo podemos ayudarte.","breadcrumb":{"@id":"https:\/\/mediacionfamiliarsur.cl\/#breadcrumb"},"inLanguage":"es","potentialAction":[{"@type":"ReadAction","target":["https:\/\/mediacionfamiliarsur.cl\/"]}]},{"@type":"ImageObject","inLanguage":"es","@id":"https:\/\/mediacionfamiliarsur.cl\/#primaryimage","url":"https:\/\/mediacionfamiliarsur.cl\/wp-content\/uploads\/2024\/07\/Mediacion-Familiar-Sur-Puerto-Montt-.jpeg","contentUrl":"https:\/\/mediacionfamiliarsur.cl\/wp-content\/uploads\/2024\/07\/Mediacion-Familiar-Sur-Puerto-Montt-.jpeg","width":724,"height":483},{"@type":"BreadcrumbList","@id":"https:\/\/mediacionfamiliarsur.cl\/#breadcrumb","itemListElement":[{"@type":"ListItem","position":1,"name":"Portada","item":"https:\/\/mediacionfamiliarsur.cl\/"},{"@type":"ListItem","position":2,"name":"Inicio"}]},{"@type":"WebSite","@id":"https:\/\/mediacionfamiliarsur.cl\/#website","url":"https:\/\/mediacionfamiliarsur.cl\/","name":"Mediaci\u00f3n Familiar Sur","description":"","publisher":{"@id":"https:\/\/mediacionfamiliarsur.cl\/#\/schema\/person\/1ed2db4a266e359b859e5f9c8f80b589"},"potentialAction":[{"@type":"SearchAction","target":{"@type":"EntryPoint","urlTemplate":"https:\/\/mediacionfamiliarsur.cl\/?s={search_term_string}"},"query-input":{"@type":"PropertyValueSpecification","valueRequired":true,"valueName":"search_term_string"}}],"inLanguage":"es"},{"@type":["Person","Organization"],"@id":"https:\/\/mediacionfamiliarsur.cl\/#\/schema\/person\/1ed2db4a266e359b859e5f9c8f80b589","name":"admin","image":{"@type":"ImageObject","inLanguage":"es","@id":"https:\/\/mediacionfamiliarsur.cl\/#\/schema\/person\/image\/","url":"https:\/\/mediacionfamiliarsur.cl\/wp-content\/uploads\/2024\/07\/cropped-Mediaciones-Familiares-500-x-300-px.png","contentUrl":"https:\/\/mediacionfamiliarsur.cl\/wp-content\/uploads\/2024\/07\/cropped-Mediaciones-Familiares-500-x-300-px.png","width":500,"height":164,"caption":"admin"},"logo":{"@id":"https:\/\/mediacionfamiliarsur.cl\/#\/schema\/person\/image\/"},"sameAs":["https:\/\/mediacionfamiliarsur.cl"]}]}},"_links":{"self":[{"href":"https:\/\/mediacionfamiliarsur.cl\/index.php\/wp-json\/wp\/v2\/pages\/8","targetHints":{"allow":["GET"]}}],"collection":[{"href":"https:\/\/mediacionfamiliarsur.cl\/index.php\/wp-json\/wp\/v2\/pages"}],"about":[{"href":"https:\/\/mediacionfamiliarsur.cl\/index.php\/wp-json\/wp\/v2\/types\/page"}],"author":[{"embeddable":true,"href":"https:\/\/mediacionfamiliarsur.cl\/index.php\/wp-json\/wp\/v2\/users\/1"}],"replies":[{"embeddable":true,"href":"https:\/\/mediacionfamiliarsur.cl\/index.php\/wp-json\/wp\/v2\/comments?post=8"}],"version-history":[{"count":95,"href":"https:\/\/mediacionfamiliarsur.cl\/index.php\/wp-json\/wp\/v2\/pages\/8\/revisions"}],"predecessor-version":[{"id":150,"href":"https:\/\/mediacionfamiliarsur.cl\/index.php\/wp-json\/wp\/v2\/pages\/8\/revisions\/150"}],"wp:featuredmedia":[{"embeddable":true,"href":"https:\/\/mediacionfamiliarsur.cl\/index.php\/wp-json\/wp\/v2\/media\/37"}],"wp:attachment":[{"href":"https:\/\/mediacionfamiliarsur.cl\/index.php\/wp-json\/wp\/v2\/media?parent=8"}],"curies":[{"name":"wp","href":"https:\/\/api.w.org\/{rel}","templated":true}]}}